{"id":469,"date":"2024-07-19T13:29:53","date_gmt":"2024-07-19T11:29:53","guid":{"rendered":"https:\/\/www.mireiabisbal.com\/?page_id=469"},"modified":"2024-08-08T11:45:41","modified_gmt":"2024-08-08T09:45:41","slug":"sobre-mi","status":"publish","type":"page","link":"https:\/\/www.mireiabisbal.com\/es\/sobre-mi\/","title":{"rendered":"Sobre mi"},"content":{"rendered":"<div data-elementor-type=\"wp-page\" data-elementor-id=\"469\" class=\"elementor elementor-469\" data-elementor-post-type=\"page\">\n\t\t\t\t<div class=\"elementor-element elementor-element-087a82b e-flex e-con-boxed e-con e-parent\" data-id=\"087a82b\" data-element_type=\"container\">\n\t\t\t\t\t<div class=\"e-con-inner\">\n\t\t<div data-dce-background-image-url=\"https:\/\/www.mireiabisbal.com\/wp-content\/uploads\/2024\/08\/26850f66ef29c11acf43a1e6eff3e07a-1.png\" class=\"elementor-element elementor-element-8d1df17 e-con-full e-flex e-con e-child\" data-id=\"8d1df17\" data-element_type=\"container\" data-settings=\"{&quot;background_background&quot;:&quot;classic&quot;}\">\n\t\t\t\t<\/div>\n\t\t<div data-dce-background-color=\"#FFFFFF\" class=\"elementor-element elementor-element-6929a31 e-con-full e-flex e-con e-child\" data-id=\"6929a31\" data-element_type=\"container\" data-settings=\"{&quot;background_background&quot;:&quot;classic&quot;}\">\n\t\t\t\t<div class=\"elementor-element elementor-element-de93b65 elementor-widget elementor-widget-heading\" data-id=\"de93b65\" data-element_type=\"widget\" data-widget_type=\"heading.default\">\n\t\t\t\t<div class=\"elementor-widget-container\">\n\t\t\t\t\t<h3 class=\"elementor-heading-title elementor-size-default\">Hola, s\u00f3c la Mireia.<\/h3>\t\t\t\t<\/div>\n\t\t\t\t<\/div>\n\t\t\t\t<div class=\"elementor-element elementor-element-ad30bea elementor-widget elementor-widget-heading\" data-id=\"ad30bea\" data-element_type=\"widget\" data-widget_type=\"heading.default\">\n\t\t\t\t<div class=\"elementor-widget-container\">\n\t\t\t\t\t<p class=\"elementor-heading-title elementor-size-default\">Estic aqu\u00ed per a tu.<br>\nConeix-me i comencem a treballar junts.<\/p>\t\t\t\t<\/div>\n\t\t\t\t<\/div>\n\t\t\t\t<div class=\"elementor-element elementor-element-e0adad2 elementor-widget elementor-widget-text-editor\" data-id=\"e0adad2\" data-element_type=\"widget\" data-widget_type=\"text-editor.default\">\n\t\t\t\t<div class=\"elementor-widget-container\">\n\t\t\t\t\t\t\t\t\t<p>Em vaig decidir a emprendre el cam\u00ed de la psicologia degut a l\u2019inter\u00e8s que he tingut sempre en ajudar als altres i a descobrir sobre el funcionament de les nostres emocions.<br \/>\u00a0<br \/>S\u00f3c propera i emp\u00e0tica en el tracte amb les persones i m\u2019agrada acompanyar per descobrir all\u00f2 que les pot ajudar a sentir-se i con\u00e8ixer-se millor en cada etapa de la vida; \u00e9s per aix\u00f2 que estic especialitzada en psicologia infanto-juvenil i d\u2019adults.<br \/>\u00a0<br \/>En el proc\u00e9s de ter\u00e0pia m\u2019agrada treballar conjuntament per tal de descobrir les aptituds i habilitats que poden ajudar a la persona a sentir-se m\u00e9s b\u00e9. Veig molt important poder potenciar el desenvolupament personal i l\u2019autoconeixement dins la ter\u00e0pia amb la finalitat de ser la nostra millor versi\u00f3.\u2028<\/p>\t\t\t\t\t\t\t\t<\/div>\n\t\t\t\t<\/div>\n\t\t\t\t<div class=\"elementor-element elementor-element-696cae4 elementor-widget elementor-widget-image\" data-id=\"696cae4\" data-element_type=\"widget\" data-widget_type=\"image.default\">\n\t\t\t\t<div class=\"elementor-widget-container\">\n\t\t\t\t\t\t\t\t\t\t\t\t\t\t\t<img loading=\"lazy\" decoding=\"async\" width=\"205\" height=\"49\" src=\"https:\/\/www.mireiabisbal.com\/wp-content\/uploads\/2024\/07\/Capa_1-14.svg\" class=\"attachment-large size-large wp-image-76\" alt=\"\" \/>\t\t\t\t\t\t\t\t\t\t\t\t\t\t\t<\/div>\n\t\t\t\t<\/div>\n\t\t\t\t<\/div>\n\t\t\t\t\t<\/div>\n\t\t\t\t<\/div>\n\t\t<div class=\"elementor-element elementor-element-caee6cc e-flex e-con-boxed e-con e-parent\" data-id=\"caee6cc\" data-element_type=\"container\">\n\t\t\t\t\t<div class=\"e-con-inner\">\n\t\t<div class=\"elementor-element elementor-element-8edf9e7 e-con-full e-flex e-con e-child\" data-id=\"8edf9e7\" data-element_type=\"container\">\n\t\t\t\t<div class=\"elementor-element elementor-element-e857175 elementor-widget elementor-widget-heading\" data-id=\"e857175\" data-element_type=\"widget\" data-widget_type=\"heading.default\">\n\t\t\t\t<div class=\"elementor-widget-container\">\n\t\t\t\t\t<p class=\"elementor-heading-title elementor-size-default\">Vols saber m\u00e9s sobre mi?<\/p>\t\t\t\t<\/div>\n\t\t\t\t<\/div>\n\t\t\t\t<\/div>\n\t\t<div class=\"elementor-element elementor-element-170b70d e-con-full e-flex e-con e-child\" data-id=\"170b70d\" data-element_type=\"container\">\n\t\t\t\t<div class=\"elementor-element elementor-element-281c204 elementor-widget elementor-widget-text-editor\" data-id=\"281c204\" data-element_type=\"widget\" data-widget_type=\"text-editor.default\">\n\t\t\t\t<div class=\"elementor-widget-container\">\n\t\t\t\t\t\t\t\t\t<p>S\u00f3c una persona amb inter\u00e8s i curiositat pel meu entorn; em considero emp\u00e0tica i cuidadora cap als altres. M\u2019agrada estar amb els meus i gaudir d\u2019un bon passeig a l\u2019aire lliure. Em sento afortunada per haver pogut cr\u00e9ixer en un entorn rural. Gaudeixo fent esport i prenc consci\u00e8ncia de la import\u00e0ncia d\u2019introduir-lo a la rutina di\u00e0ria, especialment en moments on la vida sembla que vagi massa r\u00e0pid. Estic en proc\u00e9s constant de millorar la meva comunicaci\u00f3 en moments de m\u00e9s intensitat emocional. Tamb\u00e9 m\u2019encanta viatjar, con\u00e8ixer llocs inesperats i gaudir d\u2019altres cultures i gastronomia en bona companyia. Sempre m\u2019han agradat els animals i penso que sense voler ens omplen la vida de forma discreta i ens recorden l\u2019important: sentir-nos acompanyats.<\/p>\t\t\t\t\t\t\t\t<\/div>\n\t\t\t\t<\/div>\n\t\t\t\t<div class=\"elementor-element elementor-element-741e52a elementor-widget elementor-widget-heading\" data-id=\"741e52a\" data-element_type=\"widget\" data-widget_type=\"heading.default\">\n\t\t\t\t<div class=\"elementor-widget-container\">\n\t\t\t\t\t<p class=\"elementor-heading-title elementor-size-default\">Darrere de cada sessi\u00f3, hi ha un comprom\u00eds.<br>\nEstic aqu\u00ed per acompanyar-te a cada pas del cam\u00ed.<\/p>\t\t\t\t<\/div>\n\t\t\t\t<\/div>\n\t\t\t\t<div class=\"elementor-element elementor-element-1a5a9b4 elementor-align-left elementor-widget elementor-widget-button\" data-id=\"1a5a9b4\" data-element_type=\"widget\" data-widget_type=\"button.default\">\n\t\t\t\t<div class=\"elementor-widget-container\">\n\t\t\t\t\t\t\t\t\t<div class=\"elementor-button-wrapper\">\n\t\t\t\t\t<a class=\"elementor-button elementor-button-link elementor-size-sm\" href=\"https:\/\/www.mireiabisbal.com\/es\/contacte\/\">\n\t\t\t\t\t\t<span class=\"elementor-button-content-wrapper\">\n\t\t\t\t\t\t\t\t\t<span class=\"elementor-button-text\">Parlem...?<\/span>\n\t\t\t\t\t<\/span>\n\t\t\t\t\t<\/a>\n\t\t\t\t<\/div>\n\t\t\t\t\t\t\t\t<\/div>\n\t\t\t\t<\/div>\n\t\t\t\t<\/div>\n\t\t\t\t\t<\/div>\n\t\t\t\t<\/div>\n\t\t\t\t<\/div>","protected":false},"excerpt":{"rendered":"<p>Hola, s\u00f3c la Mireia. Estic aqu\u00ed per a tu. Coneix-me i comencem a treballar junts. Em vaig decidir a emprendre el cam\u00ed de la psicologia degut a l\u2019inter\u00e8s que he tingut sempre en ajudar als altres i a descobrir sobre el funcionament de les nostres emocions.\u00a0S\u00f3c propera i emp\u00e0tica en el tracte amb les persones [&hellip;]<\/p>","protected":false},"author":2,"featured_media":0,"parent":0,"menu_order":0,"comment_status":"closed","ping_status":"closed","template":"","meta":{"_acf_changed":false,"_seopress_robots_primary_cat":"","_seopress_titles_title":"","_seopress_titles_desc":"","_seopress_robots_index":"","footnotes":""},"class_list":["post-469","page","type-page","status-publish","hentry"],"acf":[],"_links":{"self":[{"href":"https:\/\/www.mireiabisbal.com\/es\/wp-json\/wp\/v2\/pages\/469","targetHints":{"allow":["GET"]}}],"collection":[{"href":"https:\/\/www.mireiabisbal.com\/es\/wp-json\/wp\/v2\/pages"}],"about":[{"href":"https:\/\/www.mireiabisbal.com\/es\/wp-json\/wp\/v2\/types\/page"}],"author":[{"embeddable":true,"href":"https:\/\/www.mireiabisbal.com\/es\/wp-json\/wp\/v2\/users\/2"}],"replies":[{"embeddable":true,"href":"https:\/\/www.mireiabisbal.com\/es\/wp-json\/wp\/v2\/comments?post=469"}],"version-history":[{"count":0,"href":"https:\/\/www.mireiabisbal.com\/es\/wp-json\/wp\/v2\/pages\/469\/revisions"}],"wp:attachment":[{"href":"https:\/\/www.mireiabisbal.com\/es\/wp-json\/wp\/v2\/media?parent=469"}],"curies":[{"name":"wp","href":"https:\/\/api.w.org\/{rel}","templated":true}]}}